{"id":11173,"date":"2018-02-22T20:13:21","date_gmt":"2018-02-22T19:13:21","guid":{"rendered":"http:\/\/www.vuesdenface.com\/web\/?page_id=11173"},"modified":"2018-03-10T12:27:47","modified_gmt":"2018-03-10T11:27:47","slug":"informations-pratique-2018","status":"publish","type":"page","link":"https:\/\/www.vuesdenface.com\/web\/edition\/edition-18\/informations-pratique-2018\/","title":{"rendered":"Informations pratiques 2018"},"content":{"rendered":"<p>Les s\u00e9ances de cin\u00e9ma ont lieu dans la salle 1 du cin\u00e9ma LE CLUB au 9 bis rue du Phalanst\u00e8re \u00e0 Grenoble. La salle 1 est acc\u00e8s PMR.<\/p>\n<div class=\"rubrique\"><div class=\"rubrique-icone\"><i class=\"fa fa-film fa-lg\"><\/i><\/div><div class=\"rubrique-texte\">Places de cin\u00e9ma \u00e0 l'unit\u00e9<br><\/div><hr><\/div>\nPlein tarif : 7 \u20ac la s\u00e9ance.<br \/>\nTarif \u00e9tudiants et retrait\u00e9s : 6 \u20ac<br \/>\nTarif demandeurs d\u2019emploi et RSA : 5 \u20ac<br \/>\nsur pr\u00e9sentation d\u2019un justificatif<\/p>\n<div class=\"rubrique\"><div class=\"rubrique-icone\"><i class=\"fa fa-film fa-lg\"><\/i><\/div><div class=\"rubrique-texte\">Pass Licorne<br><\/div><hr><\/div>\nAcc\u00e8s aux 13 s\u00e9ances au cin\u00e9ma le Club<br \/>\nPass nominatif, Un tote pag inclus<br \/>\nTarif : 65 \u20ac ( soit 5 \u20ac la place)<\/p>\n<div class=\"rubrique\"><div class=\"rubrique-icone\"><i class=\"fa fa-film fa-lg\"><\/i><\/div><div class=\"rubrique-texte\">Carte 6 s\u00e9ances<br><\/div><hr><\/div>\nCette CARTE est un achat group\u00e9 de 6 entr\u00e9es offrant une tarification pr\u00e9f\u00e9rentielle.<br \/>\nTarif CARTE 6 S\u00c9ANCES : 35\u20ac (5,83\u20ac la place)<\/p>\n<p>Elle est valable :<br \/>\n\u2022 Pour DEUX PERSONNES maximum par s\u00e9ance.<br \/>\n\u2022 \u00e0 toutes les s\u00e9ances de cin\u00e9ma du Festival au cin\u00e9ma Le Club.<\/p>\n<p>R\u00e9servations avec la Carte 6 s\u00e9ances (la r\u00e9servation d&rsquo;une s\u00e9ance n\u2019est pas automatique) :<br \/>\n\u2022 Faites-en la demande lors de l\u2019achat de la carte pour obtenir le(s) billet(s),<br \/>\n\u2022 Retirez ult\u00e9rieurement le(s) billet(s) pour la s\u00e9ance souhait\u00e9e aux heures d\u2019ouverture des caisses du Festival (dans la limite des places disponibles).<\/p>\n<div class=\"rubrique\"><div class=\"rubrique-icone\"><i class=\"fa fa-star-o fa-lg\"><\/i><\/div><div class=\"rubrique-texte\">autres tarifs<br><\/div><hr><\/div>\nTarif cin\u00e9-club<br \/>\nTarif pr\u00e9f\u00e9rentiel de 5,5 euros sur pr\u00e9sentation d\u2019une contremarque (\u00e0 t\u00e9l\u00e9charger sur vuesdenface.com)<\/p>\n<p>Tarif cin\u00e9math\u00e8que<br \/>\nTarif plein : 6,50\u20ac<br \/>\nTarif re\u0301duit : 5,50\u20ac<\/p>\n<div class=\"page\" title=\"Page 2\">\n<div class=\"layoutArea\">\n<div class=\"column\">\n<p>Prix Libre pour les Petites Formes<\/p>\n<\/div>\n<\/div>\n<\/div>\n<div class=\"rubrique\"><div class=\"rubrique-icone\"><i class=\"fa fa-star-o fa-lg\"><\/i><\/div><div class=\"rubrique-texte\">Soir\u00e9e de cl\u00f4ture<br><\/div><hr><\/div>\nTarif pr\u00e9vente : 8 \u20ac<br \/>\nTarif sur place : 10 \u20ac<\/p>\n<div class=\"rubrique\"><div class=\"rubrique-icone\"><i class=\"fa fa-star-o fa-lg\"><\/i><\/div><div class=\"rubrique-texte\">Tote Bag<br><\/div><hr><\/div>\nPrix de vente : 6 \u20ac<\/p>\n<div class=\"rubrique\"><div class=\"rubrique-icone\"><i class=\"fa fa-star-o fa-lg\"><\/i><\/div><div class=\"rubrique-texte\">Billetterie sur internet<br><\/div><hr><\/div>\nAchetez directement vos places sur le site www.vuesdenface.com par carte bancaire.<br \/>\nA l\u2019issue de la transaction, vous obtiendrez une contremarque \u00e0 \u00e9changer \u00e0 la billetterie du festival.<br \/>\nRetirer vos places \u00e0 la caisse des achats par internet munis de vos contremarques et justificatifs \u00e9ventuels.<\/p>\n<p>Pour la carte 6 entr\u00e9es, vous devrez pr\u00e9ciser \u00e0 la billetterie les s\u00e9ances d\u00e9sir\u00e9es.<br \/>\nPour les tarifs r\u00e9duits et solidaires, un justificatif vous sera demand\u00e9.<\/p>\n<p>L\u2019achat de places sur internet ne sera plus possible 2 heures avant le d\u00e9but d\u2019une s\u00e9ance.<br \/>\nLes billets achet\u00e9s ne seront pas rembours\u00e9s. En cas d\u2019impossibilit\u00e9s pour une s\u00e9ance, seul un \u00e9change pourra vous \u00eatre propos\u00e9, au minimum 24h avant la date de la s\u00e9ance.<br \/>\nSeul le paiement par carte bancaire est accept\u00e9e sur internet.<\/p>\n<div class=\"rubrique\"><div class=\"rubrique-icone\"><i class=\"fa fa-star-o fa-lg\"><\/i><\/div><div class=\"rubrique-texte\">Billetterie sur place<br><\/div><hr><\/div>\nLa billetterie est ouverte \u00e0 la salle 6 du Cin\u00e9ma Le Club, 8 rue des Bons Enfants :<br \/>\nVendredi 9 mars de 18h \u00e0 20h,<br \/>\nSamedi 10 et dimanche 11 mars de 13h \u00e0 21h,<br \/>\nLundi 12 et mardi 13 mars de 19h \u00e0 22h<\/p>\n<div class=\"rubrique\"><div class=\"rubrique-icone\"><i class=\"fa fa-star-o fa-lg\"><\/i><\/div><div class=\"rubrique-texte\">Paiements<br><\/div><hr><\/div>\nR\u00e8glements possibles en esp\u00e8ces ou par ch\u00e8que \u00e0 l\u2019ordre de \u00abFIFGLG\u00bb.<\/p>\n<p>Ces moyens de paiements ne sont pas accept\u00e9s :<br \/>\nla Carte Bancaire n\u2019est pas accept\u00e9e.<br \/>\nLes cartes 6\/12 places du cin\u00e9ma Le Club, les Tickets Cin\u00e9ma et Ch\u00e8ques Culture ne sont pas accept\u00e9s.<\/p>\n<div class=\"rubrique\"><div class=\"rubrique-icone\"><i class=\"fa fa-star-o fa-lg\"><\/i><\/div><div class=\"rubrique-texte\">Info diverses<br><\/div><hr><\/div>\n<p>Evitez-vous une longue attente en caisse:<br \/>\nAchetez vos places \u00e0 l\u2019avance les jours pr\u00e9c\u00e9dant la s\u00e9ance en p\u00e9riodes creuses.<br \/>\nAchetez vos places sur Internet.<\/p>\n<p>!!! attention !!!<br \/>\nLes places ne sont pas num\u00e9rot\u00e9es.<br \/>\nL\u2019acc\u00e8s \u00e0 la salle ne sera plus possible au-del\u00e0 des 10 premi\u00e8res minutes de la s\u00e9ance.<br \/>\nEn cas d\u2019absence au d\u00e9but de la projection, toute s\u00e9ance r\u00e9serv\u00e9e ou achet\u00e9e sera perdue, non \u00e9chang\u00e9e, non rembours\u00e9e.<br \/>\nAucun \u00e9change ou remboursement ne sera effectu\u00e9 sauf en cas de modification du programme.<\/p>\n<div class=\"rubrique\"><div class=\"rubrique-icone\"><i class=\"fa fa-map-marker fa-lg\"><\/i><\/div><div class=\"rubrique-texte\">Les lieux<br><\/div><hr><\/div>\n<p>Billetterie<br \/>\nSalle 6 (cin\u00e9ma Le Club) -\u20288 rue des Bons enfants \u2013 Grenoble &#8211; Rue face au cin\u00e9ma Le Club<\/p>\n<p>Pot d\u2019ouverture<br \/>\nAtelier du 8 &#8211; 2 rue Bank \u2013 Grenoble &#8211; T\u00e9l. +33 (0)6 10 66 41 61 \u2013 www.atelierdu8.com<\/p>\n<p>Lieux des projections<\/p>\n<p>Cin\u00e9ma Le Club &#8211; 9 bis rue du Phalanst\u00e8re \u2013 Grenoble &#8211; T\u00e9l : +33 (0)4 76 87 46 21\u2028- Acc\u00e8s : voir plan<\/p>\n<p>Cin\u00e9ma Juliet Berto &#8211; Passage du Palais de Justice \u2013 Grenoble &#8211; Acc\u00e8s : passage couvert entre la place St Andr\u00e9 (ancien Tribunal) et le Jardin de Ville.<\/p>\n<p>Biblioth\u00e8que Municipale Kateb Yacine &#8211; Centre commercial Grand\u2019Place &#8211; T\u00e9l : +33 (0)4 38 12 46 20 &#8211; Acc\u00e8s : Tram A, arr\u00eat P\u00f4le Sud. Bus, lignes 12, 13, 26 et 32 &#8211; Parkings gratuits.<\/p>\n<p>Biblioth\u00e8que Municipale centre-ville &#8211; 10 rue de la R\u00e9publique &#8211; Grenoble &#8211; Acc\u00e8s : Tram A et B, arr\u00eat Hubert Dubedout &#8211; Maison du Tourisme<\/p>\n<p>\u00c9cole sup\u00e9rieure d\u2019art et Design (ESAD) &#8211; 25 rue Lesdigui\u00e8res \u2013 Grenoble \u2013 Acc\u00e8s Bus C1, C4, 12, 13, 16 arr\u00eat Docteur martin<\/p>\n<p>Galerie Xavier Jouvin &#8211; 48 Quai Xavier Jouvin \u2013 Grenoble \u2013 Acc\u00e8s : voir plan<\/p>\n<p>Cin\u00e9math\u00e8que de Grenoble &#8211; 4 Rue Hector Berlioz \u2013 Grenoble \u2013 T\u00e9l. : +33 (0)4 76 54 53 51<\/p>\n<p>EVE &#8211; 701 Avenue Centrale &#8211; Saint-Martin-d&rsquo;H\u00e8res \u2013 Acc\u00e8s Tram B\/C Arr\u00eat Gabriel faur\u00e9 ou Biblioth\u00e8ques Universitaires<\/p>\n<p>Auditorium de l\u2019office de tourisme \u2013 14 rue de la r\u00e9publique \u2013 Grenoble \u2013 Tel. +33 (0)4 76 42 41 41 \u2013 Acc\u00e8s : Tram A et B arr\u00eat Hubert Dubedout, Maison du tourisme<\/p>\n<p>Amp\u00e9rage &#8211; 163 Cours Berriat \u2013 Grenoble \u2013 Acc\u00e8s tram A arr\u00eat Berriat-Le Magasin<\/p>\n<div class=\"rubrique\"><div class=\"rubrique-icone\"><i class=\"fa fa-star-o fa-lg\"><\/i><\/div><div class=\"rubrique-texte\">Prix du Public<br><\/div><hr><\/div>\nChaque ann\u00e9e, 3 prix sont d\u00e9cern\u00e9s par le public du festival:<\/p>\n<p>\u2022 Meilleur long m\u00e9trage<br \/>\n\u2022 Meilleur documentaire<br \/>\n\u2022 Meilleur court m\u00e9trage<\/p>\n<p>Le festival proposera \u00e0 chaque spectatrice et spectateur de donner son avis sur les films \u00e0 l\u2019issue de la s\u00e9ance.<br \/>\nLes bulletins de vote seront distribu\u00e9s \u00e0 l\u2019entr\u00e9e de la salle et r\u00e9cup\u00e9r\u00e9s \u00e0 la sortie.<br \/>\nLes avis recueillis permettront de d\u00e9signer les 3 Prix du Public.<br \/>\nLes r\u00e9sultats seront proclam\u00e9s lors de la soir\u00e9e de cl\u00f4ture \u00e0 la Bobine.<\/p>\n<p><img loading=\"lazy\" decoding=\"async\" class=\"size-full wp-image-11082 alignleft\" src=\"http:\/\/www.vuesdenface.com\/web\/wp-content\/uploads\/2018\/02\/VDF-Hello-Asso-2-600x300.jpg\" alt=\"\" width=\"600\" height=\"300\" srcset=\"https:\/\/www.vuesdenface.com\/web\/wp-content\/uploads\/2018\/02\/VDF-Hello-Asso-2-600x300.jpg 600w, https:\/\/www.vuesdenface.com\/web\/wp-content\/uploads\/2018\/02\/VDF-Hello-Asso-2-600x300-300x150.jpg 300w, https:\/\/www.vuesdenface.com\/web\/wp-content\/uploads\/2018\/02\/VDF-Hello-Asso-2-600x300-210x105.jpg 210w\" sizes=\"auto, (max-width: 600px) 100vw, 600px\" \/><\/p>\n","protected":false},"excerpt":{"rendered":"<p>ceci est un extrait <a class=\"readmore\" href=\"https:\/\/www.vuesdenface.com\/web\/edition\/edition-18\/informations-pratique-2018\/\">Continuer la lecture &rarr;<\/a><\/p>\n","protected":false},"author":1,"featured_media":0,"parent":11167,"menu_order":6,"comment_status":"closed","ping_status":"closed","template":"","meta":{"footnotes":""},"class_list":["post-11173","page","type-page","status-publish","hentry","numero_edition-edition-18"],"_links":{"self":[{"href":"https:\/\/www.vuesdenface.com\/web\/wp-json\/wp\/v2\/pages\/11173","targetHints":{"allow":["GET"]}}],"collection":[{"href":"https:\/\/www.vuesdenface.com\/web\/wp-json\/wp\/v2\/pages"}],"about":[{"href":"https:\/\/www.vuesdenface.com\/web\/wp-json\/wp\/v2\/types\/page"}],"author":[{"embeddable":true,"href":"https:\/\/www.vuesdenface.com\/web\/wp-json\/wp\/v2\/users\/1"}],"replies":[{"embeddable":true,"href":"https:\/\/www.vuesdenface.com\/web\/wp-json\/wp\/v2\/comments?post=11173"}],"version-history":[{"count":10,"href":"https:\/\/www.vuesdenface.com\/web\/wp-json\/wp\/v2\/pages\/11173\/revisions"}],"predecessor-version":[{"id":11356,"href":"https:\/\/www.vuesdenface.com\/web\/wp-json\/wp\/v2\/pages\/11173\/revisions\/11356"}],"up":[{"embeddable":true,"href":"https:\/\/www.vuesdenface.com\/web\/wp-json\/wp\/v2\/pages\/11167"}],"wp:attachment":[{"href":"https:\/\/www.vuesdenface.com\/web\/wp-json\/wp\/v2\/media?parent=11173"}],"curies":[{"name":"wp","href":"https:\/\/api.w.org\/{rel}","templated":true}]}}