{"id":11581,"date":"2019-02-25T22:04:24","date_gmt":"2019-02-25T21:04:24","guid":{"rendered":"http:\/\/www.vuesdenface.com\/web\/?page_id=11581"},"modified":"2019-02-25T22:04:24","modified_gmt":"2019-02-25T21:04:24","slug":"bande-annonce-2019","status":"publish","type":"page","link":"https:\/\/www.vuesdenface.com\/web\/edition\/edition-19\/bande-annonce-2019\/","title":{"rendered":"Bande annonce 2019"},"content":{"rendered":"<iframe loading=\"lazy\" src=\"https:\/\/player.vimeo.com\/video\/321675009\" width=\"640\" height=\"360\" frameborder=\"0\" webkitallowfullscreen mozallowfullscreen allowfullscreen><\/iframe> <a href=\"https:\/\/vimeo.com\/321675009\">Bande annonce 2019<\/a> from <a href=\"https:\/\/vimeo.com\/vuesdenface\">Vues d'en face<\/a> on <a href=\"https:\/\/vimeo.com\">Vimeo<\/a>.\n<hr>\n<p><\/p>\n<p>\n<br \/><div class=\"gridBox-title\">\u00c9dition 25<br><\/div><span class=\"majuscule sous-menu gras\">Le Festival<\/span><br><div class=\"boxes-container\"><ul><li class=\"page_item page-item-16424\"><a href=\"https:\/\/www.vuesdenface.com\/web\/edition\/edition-25\/edition-25\/\">Vues d&rsquo;en face, 25 ans d\u00e9j\u00e0 !<\/a><\/li>\n<li class=\"page_item page-item-15885\"><a href=\"https:\/\/www.vuesdenface.com\/web\/edition\/edition-25\/selection-films-2025\/\">S\u00e9lection Films 2025<\/a><\/li>\n<li class=\"page_item page-item-15886\"><a href=\"https:\/\/www.vuesdenface.com\/web\/edition\/edition-25\/evenements-festival-2025\/\">\u00c9v\u00e8nements Festival 2025<\/a><\/li>\n<li class=\"page_item page-item-15888\"><a href=\"https:\/\/www.vuesdenface.com\/web\/edition\/edition-25\/prix-jury-2025\/\">Prix du Jury 2025<\/a><\/li>\n<li class=\"page_item page-item-15887\"><a href=\"https:\/\/www.vuesdenface.com\/web\/edition\/edition-25\/prix-public-2025\/\">Prix du public 2025<\/a><\/li>\n<li class=\"page_item page-item-15889\"><a href=\"https:\/\/www.vuesdenface.com\/web\/edition\/edition-25\/bande-annonce-2025\/\">Bande annonce 2025<\/a><\/li>\n<li class=\"page_item page-item-15890\"><a href=\"https:\/\/www.vuesdenface.com\/web\/edition\/edition-25\/documents-2025\/\">Documents 2025<\/a><\/li>\n<li class=\"page_item page-item-15891\"><a href=\"https:\/\/www.vuesdenface.com\/web\/edition\/edition-25\/informations-pratique-2025\/\">Informations pratiques 2025<\/a><\/li>\n<li class=\"page_item page-item-15892\"><a href=\"https:\/\/www.vuesdenface.com\/web\/edition\/edition-25\/partenaires-2025\/\">Partenaires 2025<\/a><\/li>\n<li class=\"page_item page-item-15893\"><a href=\"https:\/\/www.vuesdenface.com\/web\/edition\/edition-25\/remerciements-2025\/\">Remerciements 2025<\/a><\/li>\n<li class=\"default-menu\"><a href=\"https:\/\/www.vuesdenface.com\/web\/\" title=\"Menu\">Menu<\/a><\/li><\/ul><\/div><span class=\"majuscule sous-menu gras\">Autour du Festival<\/span><br><div class=\"boxes-container\"><ul><li><a href=\"https:\/\/www.vuesdenface.com\/web\/fiche-event\/forum-des-assos-2025\/\">Forum des Assos 2025<\/a><\/li><li><a href=\"https:\/\/www.vuesdenface.com\/web\/fiche-event\/lheure-du-conte-drag\/\">L'Heure du conte Drag<\/a><\/li><li><a href=\"https:\/\/www.vuesdenface.com\/web\/fiche-event\/cabaret-queer\/\">Cabaret Queer<\/a><\/li><li><a href=\"https:\/\/www.vuesdenface.com\/web\/fiche-event\/hommage-a-lionel-soukaz\/\">Hommage \u00e0 Lionel Soukaz<\/a><\/li><li><a href=\"https:\/\/www.vuesdenface.com\/web\/fiche-event\/cine-habibi\/\">Cin\u00e9 HABIBI<\/a><\/li><li><a href=\"https:\/\/www.vuesdenface.com\/web\/fiche-event\/lachez-prise-soiree-de-cloture\/\">L\u00e2chez prise - Soir\u00e9e de Cl\u00f4ture<\/a><\/li><\/ul><\/div>\n","protected":false},"excerpt":{"rendered":"<p>ceci est un extrait <a class=\"readmore\" href=\"https:\/\/www.vuesdenface.com\/web\/edition\/edition-19\/bande-annonce-2019\/\">Continuer la lecture &rarr;<\/a><\/p>\n","protected":false},"author":1,"featured_media":0,"parent":11577,"menu_order":4,"comment_status":"closed","ping_status":"closed","template":"","meta":{"footnotes":""},"class_list":["post-11581","page","type-page","status-publish","hentry","numero_edition-edition-19"],"_links":{"self":[{"href":"https:\/\/www.vuesdenface.com\/web\/wp-json\/wp\/v2\/pages\/11581","targetHints":{"allow":["GET"]}}],"collection":[{"href":"https:\/\/www.vuesdenface.com\/web\/wp-json\/wp\/v2\/pages"}],"about":[{"href":"https:\/\/www.vuesdenface.com\/web\/wp-json\/wp\/v2\/types\/page"}],"author":[{"embeddable":true,"href":"https:\/\/www.vuesdenface.com\/web\/wp-json\/wp\/v2\/users\/1"}],"replies":[{"embeddable":true,"href":"https:\/\/www.vuesdenface.com\/web\/wp-json\/wp\/v2\/comments?post=11581"}],"version-history":[{"count":2,"href":"https:\/\/www.vuesdenface.com\/web\/wp-json\/wp\/v2\/pages\/11581\/revisions"}],"predecessor-version":[{"id":11593,"href":"https:\/\/www.vuesdenface.com\/web\/wp-json\/wp\/v2\/pages\/11581\/revisions\/11593"}],"up":[{"embeddable":true,"href":"https:\/\/www.vuesdenface.com\/web\/wp-json\/wp\/v2\/pages\/11577"}],"wp:attachment":[{"href":"https:\/\/www.vuesdenface.com\/web\/wp-json\/wp\/v2\/media?parent=11581"}],"curies":[{"name":"wp","href":"https:\/\/api.w.org\/{rel}","templated":true}]}}