{"id":13095,"date":"2021-09-02T22:14:52","date_gmt":"2021-09-02T21:14:52","guid":{"rendered":"https:\/\/www.vuesdenface.com\/web\/?page_id=13095"},"modified":"2021-09-02T22:52:52","modified_gmt":"2021-09-02T21:52:52","slug":"informations-pratique-2021","status":"publish","type":"page","link":"https:\/\/www.vuesdenface.com\/web\/edition\/edition-21\/informations-pratique-2021\/","title":{"rendered":"Informations pratiques 2021"},"content":{"rendered":"<div class=\"page\" title=\"Page 4\">\n<div class=\"section\">\n<div class=\"layoutArea\">\n<div class=\"column\">\n<p><strong>BILLETTERIE<\/strong><\/p>\n<\/div>\n<\/div>\n<div class=\"section\">\n<div class=\"layoutArea\">\n<div class=\"column\">\n<p>Contrairement aux anne\u0301es pre\u0301ce\u0301dentes, les billets pour les se\u0301ances du festival sont a\u0300 acheter directement en caisse du Cine\u0301ma Le Club.<br \/>\nLes se\u0301ances se de\u0301roulant dans les Bibliothe\u0300que Municipales sont gratuites.<br \/>\nLes places pour la se\u0301ance en partenariat avec le Cine\u0301 Club de Grenoble sont a\u0300 acheter au cin\u00e9ma Juliet Berto.<\/p>\n<\/div>\n<\/div>\n<\/div>\n<div class=\"layoutArea\">\n<div class=\"column\">\n<p><strong>TARIFS DES PLACES AU CINE\u0301MA LE CLUB<\/strong><\/p>\n<div class=\"page\" title=\"Page 4\">\n<div class=\"section\">\n<div class=\"layoutArea\">\n<div class=\"column\">\n<p>Plein tarif : 7,80 \u20ac la se\u0301ance.<br \/>\nTarif re\u0301duit : 6,80 \u20ac la se\u0301ance (sur pre\u0301sentation d\u2019un justificatif). Abonnement 6 places : 36\u20ac.<\/p>\n<\/div>\n<\/div>\n<\/div>\n<\/div>\n<p><strong>PRIX DU PUBLIC<\/strong><\/p>\n<\/div>\n<\/div>\n<div class=\"layoutArea\">\n<div class=\"column\">\n<p>Plein tarif : 7,80 \u20ac la se\u0301ance.<br \/>\nTarif re\u0301duit : 6,80 \u20ac la se\u0301ance (sur pre\u0301sentation d\u2019un justificatif). Abonnement 6 places : 36\u20ac.<\/p>\n<\/div>\n<\/div>\n<\/div>\n<\/div>\n<hr \/>\n<div class=\"gridBox-title\">\u00c9dition 25<br><\/div><span class=\"majuscule sous-menu gras\">Le Festival<\/span><br><div class=\"boxes-container\"><ul><li class=\"page_item page-item-16424\"><a href=\"https:\/\/www.vuesdenface.com\/web\/edition\/edition-25\/edition-25\/\">Vues d&rsquo;en face, 25 ans d\u00e9j\u00e0 !<\/a><\/li>\n<li class=\"page_item page-item-15885\"><a href=\"https:\/\/www.vuesdenface.com\/web\/edition\/edition-25\/selection-films-2025\/\">S\u00e9lection Films 2025<\/a><\/li>\n<li class=\"page_item page-item-15886\"><a href=\"https:\/\/www.vuesdenface.com\/web\/edition\/edition-25\/evenements-festival-2025\/\">\u00c9v\u00e8nements Festival 2025<\/a><\/li>\n<li class=\"page_item page-item-15888\"><a href=\"https:\/\/www.vuesdenface.com\/web\/edition\/edition-25\/prix-jury-2025\/\">Prix du Jury 2025<\/a><\/li>\n<li class=\"page_item page-item-15887\"><a href=\"https:\/\/www.vuesdenface.com\/web\/edition\/edition-25\/prix-public-2025\/\">Prix du public 2025<\/a><\/li>\n<li class=\"page_item page-item-15889\"><a href=\"https:\/\/www.vuesdenface.com\/web\/edition\/edition-25\/bande-annonce-2025\/\">Bande annonce 2025<\/a><\/li>\n<li class=\"page_item page-item-15890\"><a href=\"https:\/\/www.vuesdenface.com\/web\/edition\/edition-25\/documents-2025\/\">Documents 2025<\/a><\/li>\n<li class=\"page_item page-item-15891\"><a href=\"https:\/\/www.vuesdenface.com\/web\/edition\/edition-25\/informations-pratique-2025\/\">Informations pratiques 2025<\/a><\/li>\n<li class=\"page_item page-item-15892\"><a href=\"https:\/\/www.vuesdenface.com\/web\/edition\/edition-25\/partenaires-2025\/\">Partenaires 2025<\/a><\/li>\n<li class=\"page_item page-item-15893\"><a href=\"https:\/\/www.vuesdenface.com\/web\/edition\/edition-25\/remerciements-2025\/\">Remerciements 2025<\/a><\/li>\n<li class=\"default-menu\"><a href=\"https:\/\/www.vuesdenface.com\/web\/\" title=\"Menu\">Menu<\/a><\/li><\/ul><\/div><span class=\"majuscule sous-menu gras\">Autour du Festival<\/span><br><div class=\"boxes-container\"><ul><li><a href=\"https:\/\/www.vuesdenface.com\/web\/fiche-event\/forum-des-assos-2025\/\">Forum des Assos 2025<\/a><\/li><li><a href=\"https:\/\/www.vuesdenface.com\/web\/fiche-event\/lheure-du-conte-drag\/\">L'Heure du conte Drag<\/a><\/li><li><a href=\"https:\/\/www.vuesdenface.com\/web\/fiche-event\/cabaret-queer\/\">Cabaret Queer<\/a><\/li><li><a href=\"https:\/\/www.vuesdenface.com\/web\/fiche-event\/hommage-a-lionel-soukaz\/\">Hommage \u00e0 Lionel Soukaz<\/a><\/li><li><a href=\"https:\/\/www.vuesdenface.com\/web\/fiche-event\/cine-habibi\/\">Cin\u00e9 HABIBI<\/a><\/li><li><a href=\"https:\/\/www.vuesdenface.com\/web\/fiche-event\/lachez-prise-soiree-de-cloture\/\">L\u00e2chez prise - Soir\u00e9e de Cl\u00f4ture<\/a><\/li><\/ul><\/div>\n","protected":false},"excerpt":{"rendered":"<p>ceci est un extrait <a class=\"readmore\" href=\"https:\/\/www.vuesdenface.com\/web\/edition\/edition-21\/informations-pratique-2021\/\">Continuer la lecture &rarr;<\/a><\/p>\n","protected":false},"author":1,"featured_media":0,"parent":13089,"menu_order":6,"comment_status":"closed","ping_status":"closed","template":"","meta":{"footnotes":""},"class_list":["post-13095","page","type-page","status-publish","hentry","numero_edition-edition-21"],"_links":{"self":[{"href":"https:\/\/www.vuesdenface.com\/web\/wp-json\/wp\/v2\/pages\/13095","targetHints":{"allow":["GET"]}}],"collection":[{"href":"https:\/\/www.vuesdenface.com\/web\/wp-json\/wp\/v2\/pages"}],"about":[{"href":"https:\/\/www.vuesdenface.com\/web\/wp-json\/wp\/v2\/types\/page"}],"author":[{"embeddable":true,"href":"https:\/\/www.vuesdenface.com\/web\/wp-json\/wp\/v2\/users\/1"}],"replies":[{"embeddable":true,"href":"https:\/\/www.vuesdenface.com\/web\/wp-json\/wp\/v2\/comments?post=13095"}],"version-history":[{"count":3,"href":"https:\/\/www.vuesdenface.com\/web\/wp-json\/wp\/v2\/pages\/13095\/revisions"}],"predecessor-version":[{"id":13306,"href":"https:\/\/www.vuesdenface.com\/web\/wp-json\/wp\/v2\/pages\/13095\/revisions\/13306"}],"up":[{"embeddable":true,"href":"https:\/\/www.vuesdenface.com\/web\/wp-json\/wp\/v2\/pages\/13089"}],"wp:attachment":[{"href":"https:\/\/www.vuesdenface.com\/web\/wp-json\/wp\/v2\/media?parent=13095"}],"curies":[{"name":"wp","href":"https:\/\/api.w.org\/{rel}","templated":true}]}}