{"id":15891,"date":"2025-09-05T22:01:13","date_gmt":"2025-09-05T21:01:13","guid":{"rendered":"https:\/\/www.vuesdenface.com\/web\/?page_id=15891"},"modified":"2025-09-12T21:52:28","modified_gmt":"2025-09-12T20:52:28","slug":"informations-pratique-2025","status":"publish","type":"page","link":"https:\/\/www.vuesdenface.com\/web\/edition\/edition-25\/informations-pratique-2025\/","title":{"rendered":"Informations pratiques 2025"},"content":{"rendered":"<p>Les billets pour les s\u00e9ances du festival sont en vente en caisse des cin\u00e9mas partenaires, y compris le cin\u00e9ma Le Club.<\/p>\n<div class=\"rubrique\"><div class=\"rubrique-icone\"><i class=\"fa fa-star-o fa-lg\"><\/i><\/div><div class=\"rubrique-texte\">Tarifs au cin\u00e9ma Le Club<br><\/div><hr><\/div>\nTarif unique Vues d&rsquo;en face : 7\u20ac<br \/>\nCartes d&rsquo;abonnement du cin\u00e9ma Le Club accept\u00e9es.<br \/>\nR\u00e9servations possibles sur cinemaleclub.com<\/p>\n<div class=\"rubrique\"><div class=\"rubrique-icone\"><i class=\"fa fa-star-o fa-lg\"><\/i><\/div><div class=\"rubrique-texte\">Tarifs autres salles<br><\/div><hr><\/div>\nCin\u00e9ma Juliet Berto Grenoble &gt; Plein : 6,50\u20ac &#8211; R\u00e9duit : 5,50\u20ac<br \/>\nMon Cin\u00e9 Saint-Martin d&rsquo;H\u00e8res &gt; Plein : 7\u20ac &#8211; R\u00e9duit : 5\u20ac<br \/>\nLa Source Fontaine &gt; Tarif Unique : 7\u20ac<\/p>\n<p>Pour les \u00e9v\u00e9nements hors cin\u00e9ma, voir les modalit\u00e9s sur les pages correspondantes.<\/p>\n<div class=\"rubrique\"><div class=\"rubrique-icone\"><i class=\"fa fa-star-o fa-lg\"><\/i><\/div><div class=\"rubrique-texte\">Entr\u00e9es libres<br><\/div><hr><\/div>\nLes s\u00e9ances aux biblioth\u00e8ques municipales de Grenoble sont gratuites.<br \/>\nGratuit\u00e9 \u00e9galement pour les projections \u00e0 EVE (p19), \u00e0 l&rsquo;Arche (p24) et au Centre LGBTI (p55).<br \/>\nLes 80 premi\u00e8r\u00b7es \u00e9tudiant\u00b7es \u00e0 la projection de Mon Cin\u00e9 (p18) auront droit \u00e0 une entr\u00e9e gratuite (gr\u00e2ce \u00e0 l&rsquo;Ouvre-bo\u00eete et la commission \u00c9galit\u00e9 de l&rsquo;UGA).<\/p>\n<div class=\"rubrique\"><div class=\"rubrique-icone\"><i class=\"fa fa-star-o fa-lg\"><\/i><\/div><div class=\"rubrique-texte\">Entr\u00e9es prix conscient<br><\/div><hr><\/div>\nAfin d&rsquo;aider Vues d&rsquo;en face sur certains \u00e9v\u00e9nements, participation libre, en fonction des moyens de chacun\u00b7e. C&rsquo;est le cas pour L&rsquo;Heure du conte drag (p15).<\/p>\n<div class=\"rubrique\"><div class=\"rubrique-icone\"><i class=\"fa fa-star-o fa-lg\"><\/i><\/div><div class=\"rubrique-texte\">\u00c9v\u00e9nements sur r\u00e9servation<br><\/div><hr><\/div>\nSoir\u00e9e Cabaret \u00e0 la Bifurk : r\u00e9duit 18\u20ac &#8211; plein 22 \u20ac &#8211; soutien 25\u20ac<br \/>\nSoir\u00e9e Cin\u00e9 Habibi au Ciel : r\u00e9duit 10\u20ac &#8211; plein 13\u20ac &#8211; soutien 15\u20ac<br \/>\nSoir\u00e9e de cl\u00f4ture \u00e0 l&rsquo;Amp\u00e9rage : r\u00e9duit 10\u20ac &#8211; plein 12\u20ac + vestiaire<\/p>\n\nUne buvette sera ouverte en Salle 6, en face du cin\u00e9ma Le Club, du 3 au 12 octobre aux horaires des s\u00e9ances.<\/p>\n<p>&nbsp;<\/p>\n<div class=\"gridBox-title\">\u00c9dition 25<br><\/div><span class=\"majuscule sous-menu gras\">Le Festival<\/span><br><div class=\"boxes-container\"><ul><li class=\"page_item page-item-16424\"><a href=\"https:\/\/www.vuesdenface.com\/web\/edition\/edition-25\/edition-25\/\">Vues d&rsquo;en face, 25 ans d\u00e9j\u00e0 !<\/a><\/li>\n<li class=\"page_item page-item-15885\"><a href=\"https:\/\/www.vuesdenface.com\/web\/edition\/edition-25\/selection-films-2025\/\">S\u00e9lection Films 2025<\/a><\/li>\n<li class=\"page_item page-item-15886\"><a href=\"https:\/\/www.vuesdenface.com\/web\/edition\/edition-25\/evenements-festival-2025\/\">\u00c9v\u00e8nements Festival 2025<\/a><\/li>\n<li class=\"page_item page-item-15888\"><a href=\"https:\/\/www.vuesdenface.com\/web\/edition\/edition-25\/prix-jury-2025\/\">Prix du Jury 2025<\/a><\/li>\n<li class=\"page_item page-item-15887\"><a href=\"https:\/\/www.vuesdenface.com\/web\/edition\/edition-25\/prix-public-2025\/\">Prix du public 2025<\/a><\/li>\n<li class=\"page_item page-item-15889\"><a href=\"https:\/\/www.vuesdenface.com\/web\/edition\/edition-25\/bande-annonce-2025\/\">Bande annonce 2025<\/a><\/li>\n<li class=\"page_item page-item-15890\"><a href=\"https:\/\/www.vuesdenface.com\/web\/edition\/edition-25\/documents-2025\/\">Documents 2025<\/a><\/li>\n<li class=\"page_item page-item-15891\"><a href=\"https:\/\/www.vuesdenface.com\/web\/edition\/edition-25\/informations-pratique-2025\/\">Informations pratiques 2025<\/a><\/li>\n<li class=\"page_item page-item-15892\"><a href=\"https:\/\/www.vuesdenface.com\/web\/edition\/edition-25\/partenaires-2025\/\">Partenaires 2025<\/a><\/li>\n<li class=\"page_item page-item-15893\"><a href=\"https:\/\/www.vuesdenface.com\/web\/edition\/edition-25\/remerciements-2025\/\">Remerciements 2025<\/a><\/li>\n<li class=\"default-menu\"><a href=\"https:\/\/www.vuesdenface.com\/web\/\" title=\"Menu\">Menu<\/a><\/li><\/ul><\/div><span class=\"majuscule sous-menu gras\">Autour du Festival<\/span><br><div class=\"boxes-container\"><ul><li><a href=\"https:\/\/www.vuesdenface.com\/web\/fiche-event\/forum-des-assos-2025\/\">Forum des Assos 2025<\/a><\/li><li><a href=\"https:\/\/www.vuesdenface.com\/web\/fiche-event\/lheure-du-conte-drag\/\">L'Heure du conte Drag<\/a><\/li><li><a href=\"https:\/\/www.vuesdenface.com\/web\/fiche-event\/cabaret-queer\/\">Cabaret Queer<\/a><\/li><li><a href=\"https:\/\/www.vuesdenface.com\/web\/fiche-event\/hommage-a-lionel-soukaz\/\">Hommage \u00e0 Lionel Soukaz<\/a><\/li><li><a href=\"https:\/\/www.vuesdenface.com\/web\/fiche-event\/cine-habibi\/\">Cin\u00e9 HABIBI<\/a><\/li><li><a href=\"https:\/\/www.vuesdenface.com\/web\/fiche-event\/lachez-prise-soiree-de-cloture\/\">L\u00e2chez prise - Soir\u00e9e de Cl\u00f4ture<\/a><\/li><\/ul><\/div>\n","protected":false},"excerpt":{"rendered":"<p>ceci est un extrait <a class=\"readmore\" href=\"https:\/\/www.vuesdenface.com\/web\/edition\/edition-25\/informations-pratique-2025\/\">Continuer la lecture &rarr;<\/a><\/p>\n","protected":false},"author":1,"featured_media":0,"parent":15884,"menu_order":6,"comment_status":"closed","ping_status":"closed","template":"","meta":{"footnotes":""},"class_list":["post-15891","page","type-page","status-publish","hentry","numero_edition-edition-25"],"_links":{"self":[{"href":"https:\/\/www.vuesdenface.com\/web\/wp-json\/wp\/v2\/pages\/15891","targetHints":{"allow":["GET"]}}],"collection":[{"href":"https:\/\/www.vuesdenface.com\/web\/wp-json\/wp\/v2\/pages"}],"about":[{"href":"https:\/\/www.vuesdenface.com\/web\/wp-json\/wp\/v2\/types\/page"}],"author":[{"embeddable":true,"href":"https:\/\/www.vuesdenface.com\/web\/wp-json\/wp\/v2\/users\/1"}],"replies":[{"embeddable":true,"href":"https:\/\/www.vuesdenface.com\/web\/wp-json\/wp\/v2\/comments?post=15891"}],"version-history":[{"count":7,"href":"https:\/\/www.vuesdenface.com\/web\/wp-json\/wp\/v2\/pages\/15891\/revisions"}],"predecessor-version":[{"id":16507,"href":"https:\/\/www.vuesdenface.com\/web\/wp-json\/wp\/v2\/pages\/15891\/revisions\/16507"}],"up":[{"embeddable":true,"href":"https:\/\/www.vuesdenface.com\/web\/wp-json\/wp\/v2\/pages\/15884"}],"wp:attachment":[{"href":"https:\/\/www.vuesdenface.com\/web\/wp-json\/wp\/v2\/media?parent=15891"}],"curies":[{"name":"wp","href":"https:\/\/api.w.org\/{rel}","templated":true}]}}