{"id":5489,"date":"2014-03-17T16:31:54","date_gmt":"2014-03-17T15:31:54","guid":{"rendered":"http:\/\/www.vuesdenface.com\/web\/?page_id=5489"},"modified":"2014-04-19T21:56:08","modified_gmt":"2014-04-19T20:56:08","slug":"pique-nique-concert","status":"publish","type":"page","link":"https:\/\/www.vuesdenface.com\/web\/edition\/edition-14\/pique-nique-concert\/","title":{"rendered":"Pique-nique &#038; concert"},"content":{"rendered":"<h4>dimanche 20 avril 2014 &#8211; 13h<\/h4>\n<p><span style=\"color: #ff0000;\">Pour cause de temps incertain <strong>le pique nique est annul\u00e9.<\/strong><\/span><br \/>\n<span style=\"color: #ff0000;\"><strong>Le concert est maintenu<\/strong> \u00e0 l&rsquo;abri au CAB.<br \/>\nVenez nombreux \u00e0 partir de 16h !<\/span><\/p>\n<p>DIMANCHE\u00a0\u00e0 la Bastille : PIQUE-NIQUE, Jeux, Concert&#8230;<\/p>\n<p>Apr\u00e8s la soir\u00e9e de cl\u00f4ture du Festival Vues d\u2019en face,\u00a0rendez-vous sur le site de la Bastille pour un pique-nique convivial \u00e0 l&rsquo;\u00e9rableraie&#8230; Sortez vos paniers en osier et vos nappes \u00e0 carreaux !<\/p>\n<p>A l&rsquo;issu du pique-nique, Vues d\u2019en Face s\u2019associe au <strong>Centre d\u2019art bastille<\/strong> et \u00e0 <strong>l\u2019Office de Tourisme de Grenoble<\/strong> pour vous proposez <a href=\"..\/boogarins-en-concert\">un concert du groupe br\u00e9silien Boogarins<\/a> \u00e0 16h&#8230;<\/p>\n<p><em>Pour vous rendre \u00e0 l\u2019\u00e9rableraie, tournez \u00e0 droite en sortant de la station haute\u00a0du t\u00e9l\u00e9ph\u00e9rique, puis prenez les escaliers ou l\u2019ascenseur.<\/em><\/p>\n<p><em><strong>En cas de temps incertain ou de pluie,\u00a0consulter www.vuesdenface.com<\/strong><\/em><\/p>\n<p><strong>100 trajets par le t\u00e9l\u00e9ph\u00e9rique \u00e0 gagner pendant le Festival,<\/strong><br \/>\n<strong>en partenariat avec l\u2019Office du Tourisme et la R\u00e9gie du T\u00e9l\u00e9ph\u00e9rique !<br \/>\n<\/strong><\/p>\n<p style=\"text-align: center;\">\n\n","protected":false},"excerpt":{"rendered":"<p>dimanche 20 avril 2014 &#8211; 13h Pour cause de temps incertain le pique nique est annul\u00e9. Le concert est maintenu \u00e0 l&rsquo;abri au CAB. Venez nombreux \u00e0 partir de 16h ! DIMANCHE\u00a0\u00e0 la Bastille : PIQUE-NIQUE, Jeux, Concert&#8230; Apr\u00e8s la soir\u00e9e de cl\u00f4ture du Festival Vues d\u2019en face,\u00a0rendez-vous sur le site de la Bastille pour &hellip; <a class=\"readmore\" href=\"https:\/\/www.vuesdenface.com\/web\/edition\/edition-14\/pique-nique-concert\/\">Continuer la lecture &rarr;<\/a><\/p>\n","protected":false},"author":1,"featured_media":5567,"parent":4749,"menu_order":40,"comment_status":"closed","ping_status":"open","template":"","meta":{"footnotes":""},"class_list":["post-5489","page","type-page","status-publish","has-post-thumbnail","hentry","numero_edition-edition-14"],"_links":{"self":[{"href":"https:\/\/www.vuesdenface.com\/web\/wp-json\/wp\/v2\/pages\/5489","targetHints":{"allow":["GET"]}}],"collection":[{"href":"https:\/\/www.vuesdenface.com\/web\/wp-json\/wp\/v2\/pages"}],"about":[{"href":"https:\/\/www.vuesdenface.com\/web\/wp-json\/wp\/v2\/types\/page"}],"author":[{"embeddable":true,"href":"https:\/\/www.vuesdenface.com\/web\/wp-json\/wp\/v2\/users\/1"}],"replies":[{"embeddable":true,"href":"https:\/\/www.vuesdenface.com\/web\/wp-json\/wp\/v2\/comments?post=5489"}],"version-history":[{"count":10,"href":"https:\/\/www.vuesdenface.com\/web\/wp-json\/wp\/v2\/pages\/5489\/revisions"}],"predecessor-version":[{"id":5566,"href":"https:\/\/www.vuesdenface.com\/web\/wp-json\/wp\/v2\/pages\/5489\/revisions\/5566"}],"up":[{"embeddable":true,"href":"https:\/\/www.vuesdenface.com\/web\/wp-json\/wp\/v2\/pages\/4749"}],"wp:featuredmedia":[{"embeddable":true,"href":"https:\/\/www.vuesdenface.com\/web\/wp-json\/wp\/v2\/media\/5567"}],"wp:attachment":[{"href":"https:\/\/www.vuesdenface.com\/web\/wp-json\/wp\/v2\/media?parent=5489"}],"curies":[{"name":"wp","href":"https:\/\/api.w.org\/{rel}","templated":true}]}}