{"id":7118,"date":"2015-02-16T19:42:46","date_gmt":"2015-02-16T18:42:46","guid":{"rendered":"http:\/\/www.vuesdenface.com\/web\/?page_id=7118"},"modified":"2015-02-16T19:42:46","modified_gmt":"2015-02-16T18:42:46","slug":"prix-du-public","status":"publish","type":"page","link":"https:\/\/www.vuesdenface.com\/web\/edition\/edition-8\/prix-du-public\/","title":{"rendered":"Prix du public"},"content":{"rendered":"<p>Prix du Public Vues d&rsquo;en Face 2009<br \/>\nVous avez \u00e9t\u00e9 nombreuses et nombreux \u00e0 venir d\u00e9couvrir les films de la 8e \u00e9dition du Festival International du Film Gay et Lesbien de Grenoble.<\/p>\n<p>Vos films pr\u00e9f\u00e9r\u00e9s cette ann\u00e9e ont \u00e9t\u00e9 :<\/p>\n<br><p>Le prix du public n'a pas encore \u00e9t\u00e9 d\u00e9sign\u00e9.<br>Il sera annonc\u00e9 \u00e0 la fin du festival.<\/p><br>\n<p>Merci \u00e0 toutes les spectatrices et tous les spectateurs de Vues d\u2019en face.<\/p>\n","protected":false},"excerpt":{"rendered":"<p>Prix du Public Vues d&rsquo;en Face 2009 Vous avez \u00e9t\u00e9 nombreuses et nombreux \u00e0 venir d\u00e9couvrir les films de la 8e \u00e9dition du Festival International du Film Gay et Lesbien de Grenoble. Vos films pr\u00e9f\u00e9r\u00e9s cette ann\u00e9e ont \u00e9t\u00e9 : Merci \u00e0 toutes les spectatrices et tous les spectateurs de Vues d\u2019en face.<\/p>\n","protected":false},"author":1,"featured_media":0,"parent":7096,"menu_order":2,"comment_status":"closed","ping_status":"closed","template":"","meta":{"footnotes":""},"class_list":["post-7118","page","type-page","status-publish","hentry"],"_links":{"self":[{"href":"https:\/\/www.vuesdenface.com\/web\/wp-json\/wp\/v2\/pages\/7118","targetHints":{"allow":["GET"]}}],"collection":[{"href":"https:\/\/www.vuesdenface.com\/web\/wp-json\/wp\/v2\/pages"}],"about":[{"href":"https:\/\/www.vuesdenface.com\/web\/wp-json\/wp\/v2\/types\/page"}],"author":[{"embeddable":true,"href":"https:\/\/www.vuesdenface.com\/web\/wp-json\/wp\/v2\/users\/1"}],"replies":[{"embeddable":true,"href":"https:\/\/www.vuesdenface.com\/web\/wp-json\/wp\/v2\/comments?post=7118"}],"version-history":[{"count":1,"href":"https:\/\/www.vuesdenface.com\/web\/wp-json\/wp\/v2\/pages\/7118\/revisions"}],"predecessor-version":[{"id":7119,"href":"https:\/\/www.vuesdenface.com\/web\/wp-json\/wp\/v2\/pages\/7118\/revisions\/7119"}],"up":[{"embeddable":true,"href":"https:\/\/www.vuesdenface.com\/web\/wp-json\/wp\/v2\/pages\/7096"}],"wp:attachment":[{"href":"https:\/\/www.vuesdenface.com\/web\/wp-json\/wp\/v2\/media?parent=7118"}],"curies":[{"name":"wp","href":"https:\/\/api.w.org\/{rel}","templated":true}]}}