{"id":861,"date":"2013-11-09T22:30:43","date_gmt":"2013-11-09T21:30:43","guid":{"rendered":"http:\/\/www.vagalam.net\/?page_id=861"},"modified":"2014-11-16T19:00:01","modified_gmt":"2014-11-16T18:00:01","slug":"edito-edition-12","status":"publish","type":"page","link":"https:\/\/www.vuesdenface.com\/web\/edition\/edition-12\/edito-edition-12\/","title":{"rendered":"\u00c9ditorial"},"content":{"rendered":"<p><strong>Du 12 au 21 avril 2013<\/strong>, 12e \u00e9dition de Vues d&rsquo;en face, Festival International du Film Gay et Lesbien de Grenoble au cin\u00e9ma Le Club, rue du phalanst\u00e8re \u00e0 Grenoble.<\/p>\n<p>En cette d&rsquo;ann\u00e9e d&rsquo;avanc\u00e9e des droits, le Festival vous offre ce bouquet de mots !<\/p>\n<p><strong>L&rsquo;\u00e9quipe de <em>Vues d&rsquo;en face<\/em><\/strong><\/p>\n<div id=\"attachment_2082\" style=\"width: 430px\" class=\"wp-caption aligncenter\"><a href=\"http:\/\/www.vuesdenface.com\/web\/wp-content\/uploads\/2013\/11\/edito-2013.png\"><img loading=\"lazy\" decoding=\"async\" aria-describedby=\"caption-attachment-2082\" class=\"size-full wp-image-2082\" src=\"http:\/\/www.vuesdenface.com\/web\/wp-content\/uploads\/2013\/11\/edito-2013.png\" alt=\"Editorial Vues d'en face 2013\" width=\"420\" height=\"655\" srcset=\"https:\/\/www.vuesdenface.com\/web\/wp-content\/uploads\/2013\/11\/edito-2013.png 420w, https:\/\/www.vuesdenface.com\/web\/wp-content\/uploads\/2013\/11\/edito-2013-202x315.png 202w, https:\/\/www.vuesdenface.com\/web\/wp-content\/uploads\/2013\/11\/edito-2013-192x300.png 192w, https:\/\/www.vuesdenface.com\/web\/wp-content\/uploads\/2013\/11\/edito-2013-135x210.png 135w\" sizes=\"auto, (max-width: 420px) 100vw, 420px\" \/><\/a><p id=\"caption-attachment-2082\" class=\"wp-caption-text\">Editorial Vues d&rsquo;en face 2013<\/p><\/div>\n<div class=\"rubrique\"><div class=\"rubrique-icone\"><i class=\"fa  fa-lg\"><\/i><\/div><div class=\"rubrique-texte\">Quelques articles<br><\/div><hr><\/div><ul><li><a href=\"https:\/\/www.vuesdenface.com\/web\/edition\/edition-12\/edito-edition-12\/\">Prix du Public Vues d'en Face 2013<\/a><\/li><li><a href=\"https:\/\/www.vuesdenface.com\/web\/edition\/edition-12\/edito-edition-12\/\">C mon cin\u00e9ma - T\u00e9l\u00e9Grenoble<\/a><\/li><li><a href=\"https:\/\/www.vuesdenface.com\/web\/edition\/edition-12\/edito-edition-12\/\">Clip Vues d'en face 2013<\/a><\/li><li><a href=\"https:\/\/www.vuesdenface.com\/web\/edition\/edition-12\/edito-edition-12\/\">Vues d'en face #12 : le programme arrive !<\/a><\/li><li><a href=\"https:\/\/www.vuesdenface.com\/web\/edition\/edition-12\/edito-edition-12\/\">F\u00eatons nos noces de soie du 12 au 21 avril 2013 !<\/a><\/li><\/ul>\n<br\/><h2>Clip de l'\u00e9dition 12<hr class=\"no-margin-up-down\"><\/h2>\n<iframe loading=\"lazy\" src=\"\/\/player.vimeo.com\/video\/63199513\" width=\"500\" height=\"281\" webkitallowfullscreen mozallowfullscreen allowfullscreen><\/iframe>\n<br\/><h2>Catalogue de l'\u00e9dition 12<hr class=\"no-margin-up-down\"><\/h2>\n<figure class=\"grille-vignettes\"><a href=\"https:\/\/www.vuesdenface.com\/web\/wp-content\/uploads\/2013\/12\/vdef-catalogue-edition-12.pdf\"><img loading=\"lazy\" decoding=\"async\" src=\"https:\/\/www.vuesdenface.com\/web\/wp-content\/vignettes-vdef\/2013\/12\/100x150\/vdef-catalogue-edition-12-100x150.jpg\" width=\"100\" height=\"150\" class=\"photo-film\" alt=\"\" rel=\"\" title=\"\u00c9ditorial\"><\/a><figcaption><a href=\"https:\/\/www.vuesdenface.com\/web\/wp-content\/uploads\/2013\/12\/vdef-catalogue-edition-12.pdf\">\u00c9ditorial&nbsp;&nbsp;&nbsp;&nbsp;&nbsp;<\/a><br\/>(pdf de 8.7 Mo)&nbsp;&nbsp;&nbsp;&nbsp;<\/figcaption><\/figure><div class=\"clear\"><\/br><\/div>\n","protected":false},"excerpt":{"rendered":"<p>Du 12 au 21 avril 2013, 12e \u00e9dition de Vues d&rsquo;en face, Festival International du Film Gay et Lesbien de Grenoble au cin\u00e9ma Le Club, rue du phalanst\u00e8re \u00e0 Grenoble. En cette d&rsquo;ann\u00e9e d&rsquo;avanc\u00e9e des droits, le Festival vous offre ce bouquet de mots ! L&rsquo;\u00e9quipe de Vues d&rsquo;en face<\/p>\n","protected":false},"author":1,"featured_media":0,"parent":859,"menu_order":0,"comment_status":"closed","ping_status":"closed","template":"","meta":{"footnotes":""},"class_list":["post-861","page","type-page","status-publish","hentry","numero_edition-edition-12"],"_links":{"self":[{"href":"https:\/\/www.vuesdenface.com\/web\/wp-json\/wp\/v2\/pages\/861","targetHints":{"allow":["GET"]}}],"collection":[{"href":"https:\/\/www.vuesdenface.com\/web\/wp-json\/wp\/v2\/pages"}],"about":[{"href":"https:\/\/www.vuesdenface.com\/web\/wp-json\/wp\/v2\/types\/page"}],"author":[{"embeddable":true,"href":"https:\/\/www.vuesdenface.com\/web\/wp-json\/wp\/v2\/users\/1"}],"replies":[{"embeddable":true,"href":"https:\/\/www.vuesdenface.com\/web\/wp-json\/wp\/v2\/comments?post=861"}],"version-history":[{"count":5,"href":"https:\/\/www.vuesdenface.com\/web\/wp-json\/wp\/v2\/pages\/861\/revisions"}],"predecessor-version":[{"id":6528,"href":"https:\/\/www.vuesdenface.com\/web\/wp-json\/wp\/v2\/pages\/861\/revisions\/6528"}],"up":[{"embeddable":true,"href":"https:\/\/www.vuesdenface.com\/web\/wp-json\/wp\/v2\/pages\/859"}],"wp:attachment":[{"href":"https:\/\/www.vuesdenface.com\/web\/wp-json\/wp\/v2\/media?parent=861"}],"curies":[{"name":"wp","href":"https:\/\/api.w.org\/{rel}","templated":true}]}}